{"id":2387,"date":"2024-01-30T00:53:06","date_gmt":"2024-01-29T23:53:06","guid":{"rendered":"https:\/\/www.pfeifhof.it\/der-goldene-herbst\/"},"modified":"2024-02-12T11:34:09","modified_gmt":"2024-02-12T10:34:09","slug":"der-goldene-herbst","status":"publish","type":"page","link":"https:\/\/www.pfeifhof.it\/it\/der-goldene-herbst\/","title":{"rendered":"Autunno dorato"},"content":{"rendered":"\t\t<div data-elementor-type=\"wp-page\" data-elementor-id=\"2387\" class=\"elementor elementor-2387 elementor-461\" data-elementor-post-type=\"page\">\n\t\t\t\t<section class=\"elementor-element elementor-element-e82cbd5 e-con-full e-flex e-con e-parent\" data-id=\"e82cbd5\" data-element_type=\"container\" data-settings=\"{&quot;content_width&quot;:&quot;full&quot;,&quot;background_background&quot;:&quot;slideshow&quot;,&quot;background_slideshow_gallery&quot;:[{&quot;id&quot;:466,&quot;url&quot;:&quot;https:\\\/\\\/www.pfeifhof.it\\\/wp-content\\\/uploads\\\/2024\\\/01\\\/IDM_Herbst_Toerggelen_Sideshots_1740.jpg&quot;},{&quot;id&quot;:1195,&quot;url&quot;:&quot;https:\\\/\\\/www.pfeifhof.it\\\/wp-content\\\/uploads\\\/2024\\\/02\\\/419_Herbst_TourismusvereinSexten_HaraldWisthaler-61-scaled.jpg&quot;},{&quot;id&quot;:1189,&quot;url&quot;:&quot;https:\\\/\\\/www.pfeifhof.it\\\/wp-content\\\/uploads\\\/2024\\\/02\\\/601_Herbstwandern_TourismusvereinSexten_HaraldWisthaler-21-scaled.jpg&quot;},{&quot;id&quot;:1190,&quot;url&quot;:&quot;https:\\\/\\\/www.pfeifhof.it\\\/wp-content\\\/uploads\\\/2024\\\/02\\\/627_Herbstwandern_TourismusvereinSexten_HaraldWisthaler-47-scaled.jpg&quot;}],&quot;container_type&quot;:&quot;flex&quot;,&quot;background_slideshow_loop&quot;:&quot;yes&quot;,&quot;background_slideshow_slide_duration&quot;:5000,&quot;background_slideshow_slide_transition&quot;:&quot;fade&quot;,&quot;background_slideshow_transition_duration&quot;:500}\" data-core-v316-plus=\"true\">\n\t\t\t\t<div class=\"elementor-element elementor-element-4644cba elementor-absolute elementor-widget elementor-widget-image\" data-id=\"4644cba\" data-element_type=\"widget\" data-settings=\"{&quot;_position&quot;:&quot;absolute&quot;}\" data-widget_type=\"image.default\">\n\t\t\t\t<div class=\"elementor-widget-container\">\n\t\t\t<style>\/*! elementor - v3.19.0 - 07-02-2024 *\/\n.elementor-widget-image{text-align:center}.elementor-widget-image a{display:inline-block}.elementor-widget-image a img[src$=\".svg\"]{width:48px}.elementor-widget-image img{vertical-align:middle;display:inline-block}<\/style>\t\t\t\t\t\t\t\t\t\t<img fetchpriority=\"high\" decoding=\"async\" width=\"600\" height=\"600\" src=\"https:\/\/www.pfeifhof.it\/wp-content\/uploads\/2024\/01\/neu.svg\" class=\"attachment-large size-large wp-image-540\" alt=\"\" \/>\t\t\t\t\t\t\t\t\t\t\t\t\t<\/div>\n\t\t\t\t<\/div>\n\t\t\t\t<\/section>\n\t\t<div class=\"elementor-element elementor-element-c6ff6a6 c-wrapper p-t-l e-flex e-con-boxed e-con e-parent\" data-id=\"c6ff6a6\" data-element_type=\"container\" data-settings=\"{&quot;container_type&quot;:&quot;flex&quot;,&quot;content_width&quot;:&quot;boxed&quot;}\" data-core-v316-plus=\"true\">\n\t\t\t\t\t<div class=\"e-con-inner\">\n\t\t<div class=\"elementor-element elementor-element-198c225 e-con-full c-inner w-60 p-t-l p-bt-m e-flex e-con e-child\" data-id=\"198c225\" data-element_type=\"container\" data-settings=\"{&quot;content_width&quot;:&quot;full&quot;,&quot;container_type&quot;:&quot;flex&quot;}\">\n\t\t\t\t<div class=\"elementor-element elementor-element-26a47a9 elementor-widget elementor-widget-heading\" data-id=\"26a47a9\" data-element_type=\"widget\" data-widget_type=\"heading.default\">\n\t\t\t\t<div class=\"elementor-widget-container\">\n\t\t\t<style>\/*! elementor - v3.19.0 - 07-02-2024 *\/\n.elementor-heading-title{padding:0;margin:0;line-height:1}.elementor-widget-heading .elementor-heading-title[class*=elementor-size-]>a{color:inherit;font-size:inherit;line-height:inherit}.elementor-widget-heading .elementor-heading-title.elementor-size-small{font-size:15px}.elementor-widget-heading .elementor-heading-title.elementor-size-medium{font-size:19px}.elementor-widget-heading .elementor-heading-title.elementor-size-large{font-size:29px}.elementor-widget-heading .elementor-heading-title.elementor-size-xl{font-size:39px}.elementor-widget-heading .elementor-heading-title.elementor-size-xxl{font-size:59px}<\/style><h1 class=\"elementor-heading-title elementor-size-default\">L\u2019incanto dell\u2019autunno<\/h1>\t\t<\/div>\n\t\t\t\t<\/div>\n\t\t\t\t<div class=\"elementor-element elementor-element-c2c1941 elementor-hidden-desktop elementor-hidden-tablet elementor-hidden-mobile elementor-widget elementor-widget-text-editor\" data-id=\"c2c1941\" data-element_type=\"widget\" data-widget_type=\"text-editor.default\">\n\t\t\t\t<div class=\"elementor-widget-container\">\n\t\t\t<style>\/*! elementor - v3.19.0 - 07-02-2024 *\/\n.elementor-widget-text-editor.elementor-drop-cap-view-stacked .elementor-drop-cap{background-color:#69727d;color:#fff}.elementor-widget-text-editor.elementor-drop-cap-view-framed .elementor-drop-cap{color:#69727d;border:3px solid;background-color:transparent}.elementor-widget-text-editor:not(.elementor-drop-cap-view-default) .elementor-drop-cap{margin-top:8px}.elementor-widget-text-editor:not(.elementor-drop-cap-view-default) .elementor-drop-cap-letter{width:1em;height:1em}.elementor-widget-text-editor .elementor-drop-cap{float:left;text-align:center;line-height:1;font-size:50px}.elementor-widget-text-editor .elementor-drop-cap-letter{display:inline-block}<\/style>\t\t\t\t<p>Piacevole relax in un ambiente rustico<\/p>\n\t\t\t\t\t\t<\/div>\n\t\t\t\t<\/div>\n\t\t\t\t<div class=\"elementor-element elementor-element-48388c3 elementor-widget elementor-widget-text-editor\" data-id=\"48388c3\" data-element_type=\"widget\" data-widget_type=\"text-editor.default\">\n\t\t\t\t<div class=\"elementor-widget-container\">\n\t\t\t\t\t\t\t<p><span style=\"font-family: Aller, serif;\">L\u2019autunno trasforma la vostra vacanza escursionistica al Pfeifhof di Sesto,nell\u2019incantevole Val Pusteria, in un\u2019esperienza unica e indimenticabile. I sentieri sono molto meno affollati, il panorama \u00e8 pressoch\u00e9 sconfinato e infine le leggendarie Dolomiti che, nella fioca luce autunnale, appaiono ancora pi\u00f9 imponenti. Questo \u00e8 l\u2019incanto dell\u2019autunno. <\/span><\/p>\n\t\t\t\t\t\t<\/div>\n\t\t\t\t<\/div>\n\t\t\t\t<\/div>\n\t\t\t\t\t<\/div>\n\t\t\t\t<\/div>\n\t\t<div class=\"elementor-element elementor-element-6f024ab c-wrapper p-t-l e-flex e-con-boxed e-con e-parent\" data-id=\"6f024ab\" data-element_type=\"container\" data-settings=\"{&quot;container_type&quot;:&quot;flex&quot;,&quot;content_width&quot;:&quot;boxed&quot;}\" data-core-v316-plus=\"true\">\n\t\t\t\t\t<div class=\"e-con-inner\">\n\t\t<div class=\"elementor-element elementor-element-c2ab231 e-con-full c-inner w-90 p-b-m e-flex e-con e-child\" data-id=\"c2ab231\" data-element_type=\"container\" data-settings=\"{&quot;content_width&quot;:&quot;full&quot;,&quot;container_type&quot;:&quot;flex&quot;}\">\n\t\t<div class=\"elementor-element elementor-element-115d3ca e-flex e-con-boxed e-con e-child\" data-id=\"115d3ca\" data-element_type=\"container\" data-settings=\"{&quot;container_type&quot;:&quot;flex&quot;,&quot;content_width&quot;:&quot;boxed&quot;}\">\n\t\t\t\t\t<div class=\"e-con-inner\">\n\t\t\t\t<div class=\"elementor-element elementor-element-d3ab9c4 elementor-widget elementor-widget-image\" data-id=\"d3ab9c4\" data-element_type=\"widget\" data-widget_type=\"image.default\">\n\t\t\t\t<div class=\"elementor-widget-container\">\n\t\t\t\t\t\t\t\t\t\t\t\t\t<img decoding=\"async\" width=\"768\" height=\"1024\" src=\"https:\/\/www.pfeifhof.it\/wp-content\/uploads\/2024\/02\/Herbst_privat-768x1024.jpg\" class=\"attachment-large size-large wp-image-1652\" alt=\"\" srcset=\"https:\/\/www.pfeifhof.it\/wp-content\/uploads\/2024\/02\/Herbst_privat-768x1024.jpg 768w, https:\/\/www.pfeifhof.it\/wp-content\/uploads\/2024\/02\/Herbst_privat-225x300.jpg 225w, https:\/\/www.pfeifhof.it\/wp-content\/uploads\/2024\/02\/Herbst_privat-1152x1536.jpg 1152w, https:\/\/www.pfeifhof.it\/wp-content\/uploads\/2024\/02\/Herbst_privat-1536x2048.jpg 1536w, https:\/\/www.pfeifhof.it\/wp-content\/uploads\/2024\/02\/Herbst_privat-scaled.jpg 1920w\" sizes=\"(max-width: 768px) 100vw, 768px\" \/>\t\t\t\t\t\t\t\t\t\t\t\t\t<\/div>\n\t\t\t\t<\/div>\n\t\t\t\t\t<\/div>\n\t\t\t\t<\/div>\n\t\t<div class=\"elementor-element elementor-element-f05b6e0 e-con-full p-i-m e-flex e-con e-child\" data-id=\"f05b6e0\" data-element_type=\"container\" data-settings=\"{&quot;content_width&quot;:&quot;full&quot;,&quot;container_type&quot;:&quot;flex&quot;}\">\n\t\t\t\t<div class=\"elementor-element elementor-element-223e682 h3 elementor-widget elementor-widget-heading\" data-id=\"223e682\" data-element_type=\"widget\" data-widget_type=\"heading.default\">\n\t\t\t\t<div class=\"elementor-widget-container\">\n\t\t\t<h3 class=\"elementor-heading-title elementor-size-default\">La vostra vacanza escursionistica a Sesto nella splendida Val Pusteria<\/h3>\t\t<\/div>\n\t\t\t\t<\/div>\n\t\t\t\t<div class=\"elementor-element elementor-element-5f74bcc elementor-widget elementor-widget-text-editor\" data-id=\"5f74bcc\" data-element_type=\"widget\" data-widget_type=\"text-editor.default\">\n\t\t\t\t<div class=\"elementor-widget-container\">\n\t\t\t\t\t\t\t<p><span style=\"font-family: Aller, serif;\">Godetevi le giornate autunnali al Pfeifhof, quando Sesto si tinge poco a poco delle tonalit\u00e0 pi\u00f9 colorate. Il variopinto paesaggio autunnale \u00e8 la cornice ideale per lunghe passeggiate, escursioni in quota e arrampicate. Ci\u00f2 che rende l\u2019autunno un momento ancor pi\u00f9 suggestivo \u00e8 il fatto che c\u2019\u00e8 meno movimento, le persone sono pi\u00f9 rilassate e le condizioni meteo sono estremamente gradevoli.<\/span><\/p>\n\t\t\t\t\t\t<\/div>\n\t\t\t\t<\/div>\n\t\t\t\t<\/div>\n\t\t\t\t<\/div>\n\t\t<div class=\"elementor-element elementor-element-bf7a477 e-con-full c-inner w-90 p-b-m e-flex e-con e-child\" data-id=\"bf7a477\" data-element_type=\"container\" data-settings=\"{&quot;content_width&quot;:&quot;full&quot;,&quot;container_type&quot;:&quot;flex&quot;}\">\n\t\t<div class=\"elementor-element elementor-element-326ef14 e-flex e-con-boxed e-con e-child\" data-id=\"326ef14\" data-element_type=\"container\" data-settings=\"{&quot;container_type&quot;:&quot;flex&quot;,&quot;content_width&quot;:&quot;boxed&quot;}\">\n\t\t\t\t\t<div class=\"e-con-inner\">\n\t\t\t\t<div class=\"elementor-element elementor-element-c4f139d elementor-widget elementor-widget-image\" data-id=\"c4f139d\" data-element_type=\"widget\" data-widget_type=\"image.default\">\n\t\t\t\t<div class=\"elementor-widget-container\">\n\t\t\t\t\t\t\t\t\t\t\t\t\t<img decoding=\"async\" width=\"768\" height=\"1024\" src=\"https:\/\/www.pfeifhof.it\/wp-content\/uploads\/2024\/02\/20200908_192220-768x1024.jpg\" class=\"attachment-large size-large wp-image-1081\" alt=\"\" srcset=\"https:\/\/www.pfeifhof.it\/wp-content\/uploads\/2024\/02\/20200908_192220-768x1024.jpg 768w, https:\/\/www.pfeifhof.it\/wp-content\/uploads\/2024\/02\/20200908_192220-225x300.jpg 225w, https:\/\/www.pfeifhof.it\/wp-content\/uploads\/2024\/02\/20200908_192220-1152x1536.jpg 1152w, https:\/\/www.pfeifhof.it\/wp-content\/uploads\/2024\/02\/20200908_192220-1536x2048.jpg 1536w, https:\/\/www.pfeifhof.it\/wp-content\/uploads\/2024\/02\/20200908_192220-scaled.jpg 1920w\" sizes=\"(max-width: 768px) 100vw, 768px\" \/>\t\t\t\t\t\t\t\t\t\t\t\t\t<\/div>\n\t\t\t\t<\/div>\n\t\t\t\t\t<\/div>\n\t\t\t\t<\/div>\n\t\t<div class=\"elementor-element elementor-element-8502bdf e-con-full p-i-m e-flex e-con e-child\" data-id=\"8502bdf\" data-element_type=\"container\" data-settings=\"{&quot;content_width&quot;:&quot;full&quot;,&quot;container_type&quot;:&quot;flex&quot;}\">\n\t\t\t\t<div class=\"elementor-element elementor-element-a99f77d h3 elementor-widget elementor-widget-heading\" data-id=\"a99f77d\" data-element_type=\"widget\" data-widget_type=\"heading.default\">\n\t\t\t\t<div class=\"elementor-widget-container\">\n\t\t\t<h3 class=\"elementor-heading-title elementor-size-default\">Natura - Quiete - Benessere<\/h3>\t\t<\/div>\n\t\t\t\t<\/div>\n\t\t\t\t<div class=\"elementor-element elementor-element-649ea09 elementor-widget elementor-widget-text-editor\" data-id=\"649ea09\" data-element_type=\"widget\" data-widget_type=\"text-editor.default\">\n\t\t\t\t<div class=\"elementor-widget-container\">\n\t\t\t\t\t\t\t<p><span style=\"font-family: Aller, serif;\">Quando pensiamo all\u2019autunno, pensiamo alla calda coccola di un infuso fumante nell\u2019abbraccio di una soffice coperta. Regalatevi momenti di esclusivo benessere nei nostri raffinati appartamenti, arredati con cura sin nei minimi dettagli. L\u2019atmosfera \u00e8 ancora pi\u00f9 suggestiva nelle prime ore della sera, quando entra in scena lo spettacolo sorprendente del tramonto.<\/span><\/p>\n\t\t\t\t\t\t<\/div>\n\t\t\t\t<\/div>\n\t\t\t\t<\/div>\n\t\t\t\t<\/div>\n\t\t<div class=\"elementor-element elementor-element-c362a2e e-con-full c-inner w-90 p-b-m e-flex e-con e-child\" data-id=\"c362a2e\" data-element_type=\"container\" data-settings=\"{&quot;content_width&quot;:&quot;full&quot;,&quot;container_type&quot;:&quot;flex&quot;}\">\n\t\t<div class=\"elementor-element elementor-element-9d521e5 e-flex e-con-boxed e-con e-child\" data-id=\"9d521e5\" data-element_type=\"container\" data-settings=\"{&quot;container_type&quot;:&quot;flex&quot;,&quot;content_width&quot;:&quot;boxed&quot;}\">\n\t\t\t\t\t<div class=\"e-con-inner\">\n\t\t\t\t<div class=\"elementor-element elementor-element-8a6403a elementor-widget elementor-widget-image\" data-id=\"8a6403a\" data-element_type=\"widget\" data-widget_type=\"image.default\">\n\t\t\t\t<div class=\"elementor-widget-container\">\n\t\t\t\t\t\t\t\t\t\t\t\t\t<img loading=\"lazy\" decoding=\"async\" width=\"800\" height=\"534\" src=\"https:\/\/www.pfeifhof.it\/wp-content\/uploads\/2024\/01\/IDM_Herbst_Toerggelen_Sideshots_1675-1024x683.jpg\" class=\"attachment-large size-large wp-image-463\" alt=\"\" srcset=\"https:\/\/www.pfeifhof.it\/wp-content\/uploads\/2024\/01\/IDM_Herbst_Toerggelen_Sideshots_1675-1024x683.jpg 1024w, https:\/\/www.pfeifhof.it\/wp-content\/uploads\/2024\/01\/IDM_Herbst_Toerggelen_Sideshots_1675-300x200.jpg 300w, https:\/\/www.pfeifhof.it\/wp-content\/uploads\/2024\/01\/IDM_Herbst_Toerggelen_Sideshots_1675-768x512.jpg 768w, https:\/\/www.pfeifhof.it\/wp-content\/uploads\/2024\/01\/IDM_Herbst_Toerggelen_Sideshots_1675-1536x1024.jpg 1536w, https:\/\/www.pfeifhof.it\/wp-content\/uploads\/2024\/01\/IDM_Herbst_Toerggelen_Sideshots_1675.jpg 1980w\" sizes=\"(max-width: 800px) 100vw, 800px\" \/>\t\t\t\t\t\t\t\t\t\t\t\t\t<\/div>\n\t\t\t\t<\/div>\n\t\t\t\t\t<\/div>\n\t\t\t\t<\/div>\n\t\t<div class=\"elementor-element elementor-element-a716796 e-con-full p-i-m e-flex e-con e-child\" data-id=\"a716796\" data-element_type=\"container\" data-settings=\"{&quot;content_width&quot;:&quot;full&quot;,&quot;container_type&quot;:&quot;flex&quot;}\">\n\t\t\t\t<div class=\"elementor-element elementor-element-158a8a7 h3 elementor-widget elementor-widget-heading\" data-id=\"158a8a7\" data-element_type=\"widget\" data-widget_type=\"heading.default\">\n\t\t\t\t<div class=\"elementor-widget-container\">\n\t\t\t<h3 class=\"elementor-heading-title elementor-size-default\">Autunno, tempo di T\u00f6rggelen<\/h3>\t\t<\/div>\n\t\t\t\t<\/div>\n\t\t\t\t<div class=\"elementor-element elementor-element-ed9064b elementor-widget elementor-widget-text-editor\" data-id=\"ed9064b\" data-element_type=\"widget\" data-widget_type=\"text-editor.default\">\n\t\t\t\t<div class=\"elementor-widget-container\">\n\t\t\t\t\t\t\t<p><span style=\"font-family: Aller, serif;\">Una tavola apparecchiata con cura, il fuoco che arde nella stufa, un buon bicchiere di vino e l\u2019inconfondibile profumo di castagne che si espande nell\u2019aria&#8230; Se lo desiderate, saremo lieti di preparare per voi una serata a tema T\u00f6rggelen nella nostra caratteristica \u201cJ\u00e4gerst\u00fcbele\u201d.<\/span><\/p>\n\t\t\t\t\t\t<\/div>\n\t\t\t\t<\/div>\n\t\t\t\t<\/div>\n\t\t\t\t<\/div>\n\t\t\t\t\t<\/div>\n\t\t\t\t<\/div>\n\t\t<div class=\"elementor-element elementor-element-7fddd5f c-wrapper  p-t-l e-con-full e-flex e-con e-parent\" data-id=\"7fddd5f\" data-element_type=\"container\" data-settings=\"{&quot;background_background&quot;:&quot;classic&quot;,&quot;content_width&quot;:&quot;full&quot;,&quot;container_type&quot;:&quot;flex&quot;}\" data-core-v316-plus=\"true\">\n\t\t<div class=\"elementor-element elementor-element-985e9a2 e-con-full c-inner p-t-l p-bt-s e-flex e-con e-child\" data-id=\"985e9a2\" data-element_type=\"container\" data-settings=\"{&quot;content_width&quot;:&quot;full&quot;,&quot;background_background&quot;:&quot;classic&quot;,&quot;container_type&quot;:&quot;flex&quot;}\" data-e-bg-lazyload=\"\">\n\t\t<div class=\"elementor-element elementor-element-8b82e06 e-flex e-con-boxed e-con e-child\" data-id=\"8b82e06\" data-element_type=\"container\" data-settings=\"{&quot;container_type&quot;:&quot;flex&quot;,&quot;content_width&quot;:&quot;boxed&quot;}\">\n\t\t\t\t\t<div class=\"e-con-inner\">\n\t\t\t\t<div class=\"elementor-element elementor-element-ca2e305 elementor-widget__width-initial elementor-widget elementor-widget-heading\" data-id=\"ca2e305\" data-element_type=\"widget\" data-widget_type=\"heading.default\">\n\t\t\t\t<div class=\"elementor-widget-container\">\n\t\t\t<h1 class=\"elementor-heading-title elementor-size-default\">Attivo in estate<\/h1>\t\t<\/div>\n\t\t\t\t<\/div>\n\t\t\t\t\t<\/div>\n\t\t\t\t<\/div>\n\t\t\t\t<div class=\"elementor-element elementor-element-1100793 read-more elementor-widget elementor-widget-button\" data-id=\"1100793\" data-element_type=\"widget\" data-widget_type=\"button.default\">\n\t\t\t\t<div class=\"elementor-widget-container\">\n\t\t\t\t\t<div class=\"elementor-button-wrapper\">\n\t\t\t<a class=\"elementor-button elementor-button-link elementor-size-sm\" href=\"https:\/\/www.pfeifhof.it\/it\/die-warme-jahreszeit\/\">\n\t\t\t\t\t\t<span class=\"elementor-button-content-wrapper\">\n\t\t\t\t\t\t<span class=\"elementor-button-text\">Saperne di pi\u00f9<\/span>\n\t\t<\/span>\n\t\t\t\t\t<\/a>\n\t\t<\/div>\n\t\t\t\t<\/div>\n\t\t\t\t<\/div>\n\t\t\t\t<\/div>\n\t\t<div class=\"elementor-element elementor-element-8804c26 e-con-full c-inner p-t-l p-bt-s e-flex e-con e-child\" data-id=\"8804c26\" data-element_type=\"container\" data-settings=\"{&quot;content_width&quot;:&quot;full&quot;,&quot;background_background&quot;:&quot;classic&quot;,&quot;container_type&quot;:&quot;flex&quot;}\" data-e-bg-lazyload=\"\">\n\t\t<div class=\"elementor-element elementor-element-7d55bce e-flex e-con-boxed e-con e-child\" data-id=\"7d55bce\" data-element_type=\"container\" data-settings=\"{&quot;container_type&quot;:&quot;flex&quot;,&quot;content_width&quot;:&quot;boxed&quot;}\">\n\t\t\t\t\t<div class=\"e-con-inner\">\n\t\t\t\t<div class=\"elementor-element elementor-element-091193f elementor-widget__width-initial elementor-widget elementor-widget-heading\" data-id=\"091193f\" data-element_type=\"widget\" data-widget_type=\"heading.default\">\n\t\t\t\t<div class=\"elementor-widget-container\">\n\t\t\t<h1 class=\"elementor-heading-title elementor-size-default\">Attivo in inverno<\/h1>\t\t<\/div>\n\t\t\t\t<\/div>\n\t\t\t\t\t<\/div>\n\t\t\t\t<\/div>\n\t\t\t\t<div class=\"elementor-element elementor-element-edb0193 read-more elementor-widget elementor-widget-button\" data-id=\"edb0193\" data-element_type=\"widget\" data-widget_type=\"button.default\">\n\t\t\t\t<div class=\"elementor-widget-container\">\n\t\t\t\t\t<div class=\"elementor-button-wrapper\">\n\t\t\t<a class=\"elementor-button elementor-button-link elementor-size-sm\" href=\"https:\/\/www.pfeifhof.it\/it\/die-kalte-jahreszeit\/\">\n\t\t\t\t\t\t<span class=\"elementor-button-content-wrapper\">\n\t\t\t\t\t\t<span class=\"elementor-button-text\">Saperne di pi\u00f9<\/span>\n\t\t<\/span>\n\t\t\t\t\t<\/a>\n\t\t<\/div>\n\t\t\t\t<\/div>\n\t\t\t\t<\/div>\n\t\t\t\t<\/div>\n\t\t\t\t<\/div>\n\t\t\t\t<\/div>\n\t\t","protected":false},"excerpt":{"rendered":"<p>L\u2019incanto dell\u2019autunno Piacevole relax in un ambiente rustico L\u2019autunno trasforma la vostra vacanza escursionistica al Pfeifhof di Sesto,nell\u2019incantevole Val Pusteria, in un\u2019esperienza unica e indimenticabile. I sentieri sono molto meno affollati, il panorama \u00e8 pressoch\u00e9 sconfinato e infine le leggendarie Dolomiti che, nella fioca luce autunnale, appaiono ancora pi\u00f9 imponenti. Questo \u00e8 l\u2019incanto dell\u2019autunno. La [&hellip;]<\/p>\n","protected":false},"author":1,"featured_media":0,"parent":0,"menu_order":0,"comment_status":"closed","ping_status":"closed","template":"","meta":{"footnotes":""},"class_list":["post-2387","page","type-page","status-publish","hentry"],"yoast_head":"<!-- This site is optimized with the Yoast SEO plugin v22.0 - https:\/\/yoast.com\/wordpress\/plugins\/seo\/ -->\n<title>In autunno il tempo scorre pi\u00f9 lentamente: vacanze escursionistiche in Val Pusteria<\/title>\n<meta name=\"description\" content=\"Limpide giornate autunnali, il cielo di un azzurro terso, i boschi accesi delle sfumature pi\u00f9 calde: lo scenario perfetto per vivere meravigliose escursioni e gustare le specialit\u00e0 culinarie della Val Pusteria...\" \/>\n<meta name=\"robots\" content=\"index, follow, max-snippet:-1, max-image-preview:large, max-video-preview:-1\" \/>\n<link rel=\"canonical\" href=\"https:\/\/www.pfeifhof.it\/it\/der-goldene-herbst\/\" \/>\n<meta property=\"og:locale\" content=\"it_IT\" \/>\n<meta property=\"og:type\" content=\"article\" \/>\n<meta property=\"og:title\" content=\"In autunno il tempo scorre pi\u00f9 lentamente: vacanze escursionistiche in Val Pusteria\" \/>\n<meta property=\"og:description\" content=\"Limpide giornate autunnali, il cielo di un azzurro terso, i boschi accesi delle sfumature pi\u00f9 calde: lo scenario perfetto per vivere meravigliose escursioni e gustare le specialit\u00e0 culinarie della Val Pusteria...\" \/>\n<meta property=\"og:url\" content=\"https:\/\/www.pfeifhof.it\/it\/der-goldene-herbst\/\" \/>\n<meta property=\"og:site_name\" content=\"Pfeifhof\" \/>\n<meta property=\"article:modified_time\" content=\"2024-02-12T10:34:09+00:00\" \/>\n<meta property=\"og:image\" content=\"http:\/\/www.pfeifhof.it\/wp-content\/uploads\/2024\/01\/neu.svg\" \/>\n<meta name=\"twitter:card\" content=\"summary_large_image\" \/>\n<meta name=\"twitter:label1\" content=\"Tempo di lettura stimato\" \/>\n\t<meta name=\"twitter:data1\" content=\"2 minuti\" \/>\n<script type=\"application\/ld+json\" class=\"yoast-schema-graph\">{\"@context\":\"https:\/\/schema.org\",\"@graph\":[{\"@type\":\"WebPage\",\"@id\":\"https:\/\/www.pfeifhof.it\/it\/der-goldene-herbst\/\",\"url\":\"https:\/\/www.pfeifhof.it\/it\/der-goldene-herbst\/\",\"name\":\"In autunno il tempo scorre pi\u00f9 lentamente: vacanze escursionistiche in Val Pusteria\",\"isPartOf\":{\"@id\":\"https:\/\/www.pfeifhof.it\/it\/#website\"},\"datePublished\":\"2024-01-29T23:53:06+00:00\",\"dateModified\":\"2024-02-12T10:34:09+00:00\",\"description\":\"Limpide giornate autunnali, il cielo di un azzurro terso, i boschi accesi delle sfumature pi\u00f9 calde: lo scenario perfetto per vivere meravigliose escursioni e gustare le specialit\u00e0 culinarie della Val Pusteria...\",\"breadcrumb\":{\"@id\":\"https:\/\/www.pfeifhof.it\/it\/der-goldene-herbst\/#breadcrumb\"},\"inLanguage\":\"it-IT\",\"potentialAction\":[{\"@type\":\"ReadAction\",\"target\":[\"https:\/\/www.pfeifhof.it\/it\/der-goldene-herbst\/\"]}]},{\"@type\":\"BreadcrumbList\",\"@id\":\"https:\/\/www.pfeifhof.it\/it\/der-goldene-herbst\/#breadcrumb\",\"itemListElement\":[{\"@type\":\"ListItem\",\"position\":1,\"name\":\"Startseite\",\"item\":\"https:\/\/www.pfeifhof.it\/it\/\"},{\"@type\":\"ListItem\",\"position\":2,\"name\":\"Autunno dorato\"}]},{\"@type\":\"WebSite\",\"@id\":\"https:\/\/www.pfeifhof.it\/it\/#website\",\"url\":\"https:\/\/www.pfeifhof.it\/it\/\",\"name\":\"Pfeifhof\",\"description\":\"\",\"publisher\":{\"@id\":\"https:\/\/www.pfeifhof.it\/it\/#organization\"},\"potentialAction\":[{\"@type\":\"SearchAction\",\"target\":{\"@type\":\"EntryPoint\",\"urlTemplate\":\"https:\/\/www.pfeifhof.it\/it\/?s={search_term_string}\"},\"query-input\":\"required name=search_term_string\"}],\"inLanguage\":\"it-IT\"},{\"@type\":\"Organization\",\"@id\":\"https:\/\/www.pfeifhof.it\/it\/#organization\",\"name\":\"Pfeifhof\",\"url\":\"https:\/\/www.pfeifhof.it\/it\/\",\"logo\":{\"@type\":\"ImageObject\",\"inLanguage\":\"it-IT\",\"@id\":\"https:\/\/www.pfeifhof.it\/it\/#\/schema\/logo\/image\/\",\"url\":\"https:\/\/www.pfeifhof.it\/wp-content\/uploads\/2024\/01\/logo-pfeifhof-1.svg\",\"contentUrl\":\"https:\/\/www.pfeifhof.it\/wp-content\/uploads\/2024\/01\/logo-pfeifhof-1.svg\",\"width\":416,\"height\":95,\"caption\":\"Pfeifhof\"},\"image\":{\"@id\":\"https:\/\/www.pfeifhof.it\/it\/#\/schema\/logo\/image\/\"}}]}<\/script>\n<!-- \/ Yoast SEO plugin. -->","yoast_head_json":{"title":"In autunno il tempo scorre pi\u00f9 lentamente: vacanze escursionistiche in Val Pusteria","description":"Limpide giornate autunnali, il cielo di un azzurro terso, i boschi accesi delle sfumature pi\u00f9 calde: lo scenario perfetto per vivere meravigliose escursioni e gustare le specialit\u00e0 culinarie della Val Pusteria...","robots":{"index":"index","follow":"follow","max-snippet":"max-snippet:-1","max-image-preview":"max-image-preview:large","max-video-preview":"max-video-preview:-1"},"canonical":"https:\/\/www.pfeifhof.it\/it\/der-goldene-herbst\/","og_locale":"it_IT","og_type":"article","og_title":"In autunno il tempo scorre pi\u00f9 lentamente: vacanze escursionistiche in Val Pusteria","og_description":"Limpide giornate autunnali, il cielo di un azzurro terso, i boschi accesi delle sfumature pi\u00f9 calde: lo scenario perfetto per vivere meravigliose escursioni e gustare le specialit\u00e0 culinarie della Val Pusteria...","og_url":"https:\/\/www.pfeifhof.it\/it\/der-goldene-herbst\/","og_site_name":"Pfeifhof","article_modified_time":"2024-02-12T10:34:09+00:00","og_image":[{"url":"http:\/\/www.pfeifhof.it\/wp-content\/uploads\/2024\/01\/neu.svg"}],"twitter_card":"summary_large_image","twitter_misc":{"Tempo di lettura stimato":"2 minuti"},"schema":{"@context":"https:\/\/schema.org","@graph":[{"@type":"WebPage","@id":"https:\/\/www.pfeifhof.it\/it\/der-goldene-herbst\/","url":"https:\/\/www.pfeifhof.it\/it\/der-goldene-herbst\/","name":"In autunno il tempo scorre pi\u00f9 lentamente: vacanze escursionistiche in Val Pusteria","isPartOf":{"@id":"https:\/\/www.pfeifhof.it\/it\/#website"},"datePublished":"2024-01-29T23:53:06+00:00","dateModified":"2024-02-12T10:34:09+00:00","description":"Limpide giornate autunnali, il cielo di un azzurro terso, i boschi accesi delle sfumature pi\u00f9 calde: lo scenario perfetto per vivere meravigliose escursioni e gustare le specialit\u00e0 culinarie della Val Pusteria...","breadcrumb":{"@id":"https:\/\/www.pfeifhof.it\/it\/der-goldene-herbst\/#breadcrumb"},"inLanguage":"it-IT","potentialAction":[{"@type":"ReadAction","target":["https:\/\/www.pfeifhof.it\/it\/der-goldene-herbst\/"]}]},{"@type":"BreadcrumbList","@id":"https:\/\/www.pfeifhof.it\/it\/der-goldene-herbst\/#breadcrumb","itemListElement":[{"@type":"ListItem","position":1,"name":"Startseite","item":"https:\/\/www.pfeifhof.it\/it\/"},{"@type":"ListItem","position":2,"name":"Autunno dorato"}]},{"@type":"WebSite","@id":"https:\/\/www.pfeifhof.it\/it\/#website","url":"https:\/\/www.pfeifhof.it\/it\/","name":"Pfeifhof","description":"","publisher":{"@id":"https:\/\/www.pfeifhof.it\/it\/#organization"},"potentialAction":[{"@type":"SearchAction","target":{"@type":"EntryPoint","urlTemplate":"https:\/\/www.pfeifhof.it\/it\/?s={search_term_string}"},"query-input":"required name=search_term_string"}],"inLanguage":"it-IT"},{"@type":"Organization","@id":"https:\/\/www.pfeifhof.it\/it\/#organization","name":"Pfeifhof","url":"https:\/\/www.pfeifhof.it\/it\/","logo":{"@type":"ImageObject","inLanguage":"it-IT","@id":"https:\/\/www.pfeifhof.it\/it\/#\/schema\/logo\/image\/","url":"https:\/\/www.pfeifhof.it\/wp-content\/uploads\/2024\/01\/logo-pfeifhof-1.svg","contentUrl":"https:\/\/www.pfeifhof.it\/wp-content\/uploads\/2024\/01\/logo-pfeifhof-1.svg","width":416,"height":95,"caption":"Pfeifhof"},"image":{"@id":"https:\/\/www.pfeifhof.it\/it\/#\/schema\/logo\/image\/"}}]}},"_links":{"self":[{"href":"https:\/\/www.pfeifhof.it\/it\/wp-json\/wp\/v2\/pages\/2387","targetHints":{"allow":["GET"]}}],"collection":[{"href":"https:\/\/www.pfeifhof.it\/it\/wp-json\/wp\/v2\/pages"}],"about":[{"href":"https:\/\/www.pfeifhof.it\/it\/wp-json\/wp\/v2\/types\/page"}],"author":[{"embeddable":true,"href":"https:\/\/www.pfeifhof.it\/it\/wp-json\/wp\/v2\/users\/1"}],"replies":[{"embeddable":true,"href":"https:\/\/www.pfeifhof.it\/it\/wp-json\/wp\/v2\/comments?post=2387"}],"version-history":[{"count":2,"href":"https:\/\/www.pfeifhof.it\/it\/wp-json\/wp\/v2\/pages\/2387\/revisions"}],"predecessor-version":[{"id":2416,"href":"https:\/\/www.pfeifhof.it\/it\/wp-json\/wp\/v2\/pages\/2387\/revisions\/2416"}],"wp:attachment":[{"href":"https:\/\/www.pfeifhof.it\/it\/wp-json\/wp\/v2\/media?parent=2387"}],"curies":[{"name":"wp","href":"https:\/\/api.w.org\/{rel}","templated":true}]}}