{"id":2395,"date":"2024-01-25T14:30:22","date_gmt":"2024-01-25T13:30:22","guid":{"rendered":"https:\/\/www.pfeifhof.it\/unser-hof\/"},"modified":"2025-05-08T14:52:41","modified_gmt":"2025-05-08T12:52:41","slug":"unser-hof","status":"publish","type":"page","link":"https:\/\/www.pfeifhof.it\/it\/unser-hof\/","title":{"rendered":"Il nostro maso"},"content":{"rendered":"\t\t<div data-elementor-type=\"wp-page\" data-elementor-id=\"2395\" class=\"elementor elementor-2395 elementor-250\" data-elementor-post-type=\"page\">\n\t\t\t\t<section class=\"elementor-element elementor-element-e82cbd5 e-con-full winter e-flex e-con e-parent\" data-id=\"e82cbd5\" data-element_type=\"container\" data-settings=\"{&quot;content_width&quot;:&quot;full&quot;,&quot;background_background&quot;:&quot;slideshow&quot;,&quot;background_slideshow_gallery&quot;:[{&quot;id&quot;:1010,&quot;url&quot;:&quot;https:\\\/\\\/www.pfeifhof.it\\\/wp-content\\\/uploads\\\/2024\\\/02\\\/Foto-78-scaled.jpg&quot;},{&quot;id&quot;:3200,&quot;url&quot;:&quot;https:\\\/\\\/www.pfeifhof.it\\\/wp-content\\\/uploads\\\/2025\\\/01\\\/Foto-134-4.jpg&quot;},{&quot;id&quot;:3077,&quot;url&quot;:&quot;https:\\\/\\\/www.pfeifhof.it\\\/wp-content\\\/uploads\\\/2025\\\/01\\\/Foto-143.jpg&quot;},{&quot;id&quot;:1011,&quot;url&quot;:&quot;https:\\\/\\\/www.pfeifhof.it\\\/wp-content\\\/uploads\\\/2024\\\/02\\\/Foto-83-scaled.jpg&quot;}],&quot;container_type&quot;:&quot;flex&quot;,&quot;background_slideshow_loop&quot;:&quot;yes&quot;,&quot;background_slideshow_slide_duration&quot;:5000,&quot;background_slideshow_slide_transition&quot;:&quot;fade&quot;,&quot;background_slideshow_transition_duration&quot;:500}\" data-core-v316-plus=\"true\">\n\t\t\t\t<div class=\"elementor-element elementor-element-4644cba elementor-absolute elementor-widget elementor-widget-image\" data-id=\"4644cba\" data-element_type=\"widget\" data-settings=\"{&quot;_position&quot;:&quot;absolute&quot;}\" data-widget_type=\"image.default\">\n\t\t\t\t<div class=\"elementor-widget-container\">\n\t\t\t<style>\/*! elementor - v3.19.0 - 07-02-2024 *\/\n.elementor-widget-image{text-align:center}.elementor-widget-image a{display:inline-block}.elementor-widget-image a img[src$=\".svg\"]{width:48px}.elementor-widget-image img{vertical-align:middle;display:inline-block}<\/style>\t\t\t\t\t\t\t\t\t\t<img fetchpriority=\"high\" decoding=\"async\" width=\"600\" height=\"600\" src=\"https:\/\/www.pfeifhof.it\/wp-content\/uploads\/2024\/01\/neu.svg\" class=\"attachment-large size-large wp-image-540\" alt=\"\" \/>\t\t\t\t\t\t\t\t\t\t\t\t\t<\/div>\n\t\t\t\t<\/div>\n\t\t\t\t<\/section>\n\t\t<section class=\"elementor-element elementor-element-2524cac e-con-full sommer e-flex e-con e-parent\" data-id=\"2524cac\" data-element_type=\"container\" data-settings=\"{&quot;content_width&quot;:&quot;full&quot;,&quot;background_background&quot;:&quot;slideshow&quot;,&quot;background_slideshow_gallery&quot;:[{&quot;id&quot;:1010,&quot;url&quot;:&quot;https:\\\/\\\/www.pfeifhof.it\\\/wp-content\\\/uploads\\\/2024\\\/02\\\/Foto-78-scaled.jpg&quot;},{&quot;id&quot;:3327,&quot;url&quot;:&quot;https:\\\/\\\/www.pfeifhof.it\\\/wp-content\\\/uploads\\\/2025\\\/05\\\/Foto-71-1.jpg&quot;},{&quot;id&quot;:948,&quot;url&quot;:&quot;https:\\\/\\\/www.pfeifhof.it\\\/wp-content\\\/uploads\\\/2024\\\/02\\\/Foto-2-scaled.jpg&quot;},{&quot;id&quot;:1011,&quot;url&quot;:&quot;https:\\\/\\\/www.pfeifhof.it\\\/wp-content\\\/uploads\\\/2024\\\/02\\\/Foto-83-scaled.jpg&quot;}],&quot;container_type&quot;:&quot;flex&quot;,&quot;background_slideshow_loop&quot;:&quot;yes&quot;,&quot;background_slideshow_slide_duration&quot;:5000,&quot;background_slideshow_slide_transition&quot;:&quot;fade&quot;,&quot;background_slideshow_transition_duration&quot;:500}\" data-core-v316-plus=\"true\">\n\t\t\t\t<div class=\"elementor-element elementor-element-63cba59 elementor-absolute elementor-widget elementor-widget-image\" data-id=\"63cba59\" data-element_type=\"widget\" data-settings=\"{&quot;_position&quot;:&quot;absolute&quot;}\" data-widget_type=\"image.default\">\n\t\t\t\t<div class=\"elementor-widget-container\">\n\t\t\t\t\t\t\t\t\t\t\t\t\t<img fetchpriority=\"high\" decoding=\"async\" width=\"600\" height=\"600\" src=\"https:\/\/www.pfeifhof.it\/wp-content\/uploads\/2024\/01\/neu.svg\" class=\"attachment-large size-large wp-image-540\" alt=\"\" \/>\t\t\t\t\t\t\t\t\t\t\t\t\t<\/div>\n\t\t\t\t<\/div>\n\t\t\t\t<\/section>\n\t\t<div class=\"elementor-element elementor-element-c6ff6a6 c-wrapper p-t-l e-flex e-con-boxed e-con e-parent\" data-id=\"c6ff6a6\" data-element_type=\"container\" data-settings=\"{&quot;container_type&quot;:&quot;flex&quot;,&quot;content_width&quot;:&quot;boxed&quot;}\" data-e-bg-lazyload=\"\" data-core-v316-plus=\"true\">\n\t\t\t\t\t<div class=\"e-con-inner\">\n\t\t\t\t<div class=\"elementor-element elementor-element-ed73943 elementor-widget elementor-widget-menu-anchor\" data-id=\"ed73943\" data-element_type=\"widget\" data-widget_type=\"menu-anchor.default\">\n\t\t\t\t<div class=\"elementor-widget-container\">\n\t\t\t<style>\/*! elementor - v3.19.0 - 07-02-2024 *\/\nbody.elementor-page .elementor-widget-menu-anchor{margin-bottom:0}<\/style>\t\t<div id=\"landwirtschaft\" class=\"elementor-menu-anchor\"><\/div>\n\t\t\t\t<\/div>\n\t\t\t\t<\/div>\n\t\t<div class=\"elementor-element elementor-element-198c225 e-con-full c-inner w-60 p-t-l p-bt-m e-flex e-con e-child\" data-id=\"198c225\" data-element_type=\"container\" data-settings=\"{&quot;content_width&quot;:&quot;full&quot;,&quot;container_type&quot;:&quot;flex&quot;}\">\n\t\t\t\t<div class=\"elementor-element elementor-element-26a47a9 elementor-widget elementor-widget-heading\" data-id=\"26a47a9\" data-element_type=\"widget\" data-widget_type=\"heading.default\">\n\t\t\t\t<div class=\"elementor-widget-container\">\n\t\t\t<style>\/*! elementor - v3.19.0 - 07-02-2024 *\/\n.elementor-heading-title{padding:0;margin:0;line-height:1}.elementor-widget-heading .elementor-heading-title[class*=elementor-size-]>a{color:inherit;font-size:inherit;line-height:inherit}.elementor-widget-heading .elementor-heading-title.elementor-size-small{font-size:15px}.elementor-widget-heading .elementor-heading-title.elementor-size-medium{font-size:19px}.elementor-widget-heading .elementor-heading-title.elementor-size-large{font-size:29px}.elementor-widget-heading .elementor-heading-title.elementor-size-xl{font-size:39px}.elementor-widget-heading .elementor-heading-title.elementor-size-xxl{font-size:59px}<\/style><h1 class=\"elementor-heading-title elementor-size-default\">Vacanze in agriturismo <\/h1>\t\t<\/div>\n\t\t\t\t<\/div>\n\t\t\t\t<div class=\"elementor-element elementor-element-c2c1941 elementor-widget elementor-widget-text-editor\" data-id=\"c2c1941\" data-element_type=\"widget\" data-widget_type=\"text-editor.default\">\n\t\t\t\t<div class=\"elementor-widget-container\">\n\t\t\t<style>\/*! elementor - v3.19.0 - 07-02-2024 *\/\n.elementor-widget-text-editor.elementor-drop-cap-view-stacked .elementor-drop-cap{background-color:#69727d;color:#fff}.elementor-widget-text-editor.elementor-drop-cap-view-framed .elementor-drop-cap{color:#69727d;border:3px solid;background-color:transparent}.elementor-widget-text-editor:not(.elementor-drop-cap-view-default) .elementor-drop-cap{margin-top:8px}.elementor-widget-text-editor:not(.elementor-drop-cap-view-default) .elementor-drop-cap-letter{width:1em;height:1em}.elementor-widget-text-editor .elementor-drop-cap{float:left;text-align:center;line-height:1;font-size:50px}.elementor-widget-text-editor .elementor-drop-cap-letter{display:inline-block}<\/style>\t\t\t\t<p>Rilassarsi ed entrare in sintonia con la natura<\/p>\n\t\t\t\t\t\t<\/div>\n\t\t\t\t<\/div>\n\t\t\t\t<div class=\"elementor-element elementor-element-48388c3 elementor-widget elementor-widget-text-editor\" data-id=\"48388c3\" data-element_type=\"widget\" data-widget_type=\"text-editor.default\">\n\t\t\t\t<div class=\"elementor-widget-container\">\n\t\t\t\t\t\t\t<p><span style=\"font-family: Aller, serif;\">Vi portiamo con noi nella vita di un tipico maso di montagna. Prima di tutto ci sono i campi e i prati, spesso scoscesi, che vanno falciati due volte l\u2019anno. Un rituale che richiede tempo, dedizione e fatica. E poi ci sono le nostre \u201cprimedonne\u201d, che bramano il dolce profumo del fieno di montagna, ricco delle pi\u00f9 diverse variet\u00e0 di erbe selvatiche. <\/span><\/p>\n\t\t\t\t\t\t<\/div>\n\t\t\t\t<\/div>\n\t\t\t\t<\/div>\n\t\t<div class=\"elementor-element elementor-element-542eb49 e-con-full c-inner w-80 img-grid e-grid e-con e-child\" data-id=\"542eb49\" data-element_type=\"container\" data-settings=\"{&quot;content_width&quot;:&quot;full&quot;,&quot;container_type&quot;:&quot;grid&quot;,&quot;grid_columns_grid&quot;:{&quot;unit&quot;:&quot;fr&quot;,&quot;size&quot;:12,&quot;sizes&quot;:[]},&quot;grid_rows_grid&quot;:{&quot;unit&quot;:&quot;fr&quot;,&quot;size&quot;:10,&quot;sizes&quot;:[]},&quot;grid_outline&quot;:&quot;yes&quot;,&quot;grid_columns_grid_tablet&quot;:{&quot;unit&quot;:&quot;fr&quot;,&quot;size&quot;:&quot;&quot;,&quot;sizes&quot;:[]},&quot;grid_columns_grid_mobile&quot;:{&quot;unit&quot;:&quot;fr&quot;,&quot;size&quot;:1,&quot;sizes&quot;:[]},&quot;grid_rows_grid_tablet&quot;:{&quot;unit&quot;:&quot;fr&quot;,&quot;size&quot;:&quot;&quot;,&quot;sizes&quot;:[]},&quot;grid_rows_grid_mobile&quot;:{&quot;unit&quot;:&quot;fr&quot;,&quot;size&quot;:&quot;&quot;,&quot;sizes&quot;:[]},&quot;grid_auto_flow&quot;:&quot;row&quot;,&quot;grid_auto_flow_tablet&quot;:&quot;row&quot;,&quot;grid_auto_flow_mobile&quot;:&quot;row&quot;}\">\n\t\t\t\t<div class=\"elementor-element elementor-element-f6b9689 elementor-widget elementor-widget-image\" data-id=\"f6b9689\" data-element_type=\"widget\" data-widget_type=\"image.default\">\n\t\t\t\t<div class=\"elementor-widget-container\">\n\t\t\t\t\t\t\t\t\t\t\t\t\t<img decoding=\"async\" width=\"683\" height=\"1024\" src=\"https:\/\/www.pfeifhof.it\/wp-content\/uploads\/2024\/02\/Foto-77-683x1024.jpg\" class=\"attachment-large size-large wp-image-1371\" alt=\"\" srcset=\"https:\/\/www.pfeifhof.it\/wp-content\/uploads\/2024\/02\/Foto-77-683x1024.jpg 683w, https:\/\/www.pfeifhof.it\/wp-content\/uploads\/2024\/02\/Foto-77-200x300.jpg 200w, https:\/\/www.pfeifhof.it\/wp-content\/uploads\/2024\/02\/Foto-77-768x1152.jpg 768w, https:\/\/www.pfeifhof.it\/wp-content\/uploads\/2024\/02\/Foto-77-1024x1536.jpg 1024w, https:\/\/www.pfeifhof.it\/wp-content\/uploads\/2024\/02\/Foto-77-1366x2048.jpg 1366w, https:\/\/www.pfeifhof.it\/wp-content\/uploads\/2024\/02\/Foto-77-scaled.jpg 1707w\" sizes=\"(max-width: 683px) 100vw, 683px\" \/>\t\t\t\t\t\t\t\t\t\t\t\t\t<\/div>\n\t\t\t\t<\/div>\n\t\t\t\t<div class=\"elementor-element elementor-element-ecdcb3c elementor-widget elementor-widget-image\" data-id=\"ecdcb3c\" data-element_type=\"widget\" data-widget_type=\"image.default\">\n\t\t\t\t<div class=\"elementor-widget-container\">\n\t\t\t\t\t\t\t\t\t\t\t\t\t<img decoding=\"async\" width=\"683\" height=\"1024\" src=\"https:\/\/www.pfeifhof.it\/wp-content\/uploads\/2024\/01\/Foto-52-683x1024.jpg\" class=\"attachment-large size-large wp-image-224\" alt=\"\" srcset=\"https:\/\/www.pfeifhof.it\/wp-content\/uploads\/2024\/01\/Foto-52-683x1024.jpg 683w, https:\/\/www.pfeifhof.it\/wp-content\/uploads\/2024\/01\/Foto-52-200x300.jpg 200w, https:\/\/www.pfeifhof.it\/wp-content\/uploads\/2024\/01\/Foto-52-768x1152.jpg 768w, https:\/\/www.pfeifhof.it\/wp-content\/uploads\/2024\/01\/Foto-52-1024x1536.jpg 1024w, https:\/\/www.pfeifhof.it\/wp-content\/uploads\/2024\/01\/Foto-52-1366x2048.jpg 1366w, https:\/\/www.pfeifhof.it\/wp-content\/uploads\/2024\/01\/Foto-52-scaled.jpg 1707w\" sizes=\"(max-width: 683px) 100vw, 683px\" \/>\t\t\t\t\t\t\t\t\t\t\t\t\t<\/div>\n\t\t\t\t<\/div>\n\t\t\t\t<div class=\"elementor-element elementor-element-ef15a6a elementor-widget elementor-widget-image\" data-id=\"ef15a6a\" data-element_type=\"widget\" data-widget_type=\"image.default\">\n\t\t\t\t<div class=\"elementor-widget-container\">\n\t\t\t\t\t\t\t\t\t\t\t\t\t<img loading=\"lazy\" decoding=\"async\" width=\"800\" height=\"745\" src=\"https:\/\/www.pfeifhof.it\/wp-content\/uploads\/2024\/02\/Foto-48-2-1024x953.jpg\" class=\"attachment-large size-large wp-image-1375\" alt=\"\" srcset=\"https:\/\/www.pfeifhof.it\/wp-content\/uploads\/2024\/02\/Foto-48-2-1024x953.jpg 1024w, https:\/\/www.pfeifhof.it\/wp-content\/uploads\/2024\/02\/Foto-48-2-300x279.jpg 300w, https:\/\/www.pfeifhof.it\/wp-content\/uploads\/2024\/02\/Foto-48-2-768x715.jpg 768w, https:\/\/www.pfeifhof.it\/wp-content\/uploads\/2024\/02\/Foto-48-2-1536x1430.jpg 1536w, https:\/\/www.pfeifhof.it\/wp-content\/uploads\/2024\/02\/Foto-48-2.jpg 1980w\" sizes=\"(max-width: 800px) 100vw, 800px\" \/>\t\t\t\t\t\t\t\t\t\t\t\t\t<\/div>\n\t\t\t\t<\/div>\n\t\t\t\t<\/div>\n\t\t<div class=\"elementor-element elementor-element-b470e86 e-con-full c-inner w-60 p-bt-m p-t-s e-flex e-con e-child\" data-id=\"b470e86\" data-element_type=\"container\" data-settings=\"{&quot;content_width&quot;:&quot;full&quot;,&quot;container_type&quot;:&quot;flex&quot;}\">\n\t\t\t\t<div class=\"elementor-element elementor-element-54f5cca p-t-m elementor-widget elementor-widget-heading\" data-id=\"54f5cca\" data-element_type=\"widget\" data-widget_type=\"heading.default\">\n\t\t\t\t<div class=\"elementor-widget-container\">\n\t\t\t<h1 class=\"elementor-heading-title elementor-size-default\">Pi\u00f9 che fresco, pi\u00f9 che buono!<\/h1>\t\t<\/div>\n\t\t\t\t<\/div>\n\t\t\t\t<div class=\"elementor-element elementor-element-7de3539 elementor-widget elementor-widget-text-editor\" data-id=\"7de3539\" data-element_type=\"widget\" data-widget_type=\"text-editor.default\">\n\t\t\t\t<div class=\"elementor-widget-container\">\n\t\t\t\t\t\t\t<p><span style=\"font-family: Aller, serif;\">Nel nostro maso cresce rigoglioso ogni tipo di ortaggio. Potete trovare zucchine, carote, cavolo rapa, cavolo cappuccio rosso e lattuga, cos\u00ec come le gustose patate della Val Pusteria, con le quali Judith prepara le sue deliziose \u201cErd\u00e4pfelblattlen\u201d (frittelle di patate con crauti).<\/span><\/p>\n\t\t\t\t\t\t<\/div>\n\t\t\t\t<\/div>\n\t\t\t\t<\/div>\n\t\t\t\t\t<\/div>\n\t\t\t\t<\/div>\n\t\t<div class=\"elementor-element elementor-element-dd836b0 c-wrapper  e-flex e-con-boxed e-con e-parent\" data-id=\"dd836b0\" data-element_type=\"container\" data-settings=\"{&quot;container_type&quot;:&quot;flex&quot;,&quot;content_width&quot;:&quot;boxed&quot;}\" data-core-v316-plus=\"true\">\n\t\t\t\t\t<div class=\"e-con-inner\">\n\t\t<div class=\"elementor-element elementor-element-896dc88 c-wrapper  e-con-full e-flex e-con e-child\" data-id=\"896dc88\" data-element_type=\"container\" data-settings=\"{&quot;content_width&quot;:&quot;full&quot;,&quot;container_type&quot;:&quot;flex&quot;}\">\n\t\t\t\t<div class=\"elementor-element elementor-element-dfe3a29 anbauen elementor--h-position-center elementor--v-position-middle elementor-pagination-position-inside elementor-widget elementor-widget-slides\" data-id=\"dfe3a29\" data-element_type=\"widget\" data-settings=\"{&quot;navigation&quot;:&quot;dots&quot;,&quot;infinite&quot;:&quot;yes&quot;,&quot;transition&quot;:&quot;slide&quot;,&quot;transition_speed&quot;:500}\" data-widget_type=\"slides.default\">\n\t\t\t\t<div class=\"elementor-widget-container\">\n\t\t\t<style>\/*! elementor-pro - v3.19.0 - 07-02-2024 *\/\n.elementor-slides .swiper-slide-bg{background-size:cover;background-position:50%;background-repeat:no-repeat;min-width:100%;min-height:100%}.elementor-slides .swiper-slide-inner{background-repeat:no-repeat;background-position:50%;position:absolute;top:0;left:0;bottom:0;right:0;padding:50px;margin:auto}.elementor-slides .swiper-slide-inner,.elementor-slides .swiper-slide-inner:hover{color:#fff;display:flex}.elementor-slides .swiper-slide-inner .elementor-background-overlay{position:absolute;z-index:0;top:0;bottom:0;left:0;right:0}.elementor-slides .swiper-slide-inner .elementor-slide-content{position:relative;z-index:1;width:100%}.elementor-slides .swiper-slide-inner .elementor-slide-heading{font-size:35px;font-weight:700;line-height:1}.elementor-slides .swiper-slide-inner .elementor-slide-description{font-size:17px;line-height:1.4}.elementor-slides .swiper-slide-inner .elementor-slide-description:not(:last-child),.elementor-slides .swiper-slide-inner .elementor-slide-heading:not(:last-child){margin-bottom:30px}.elementor-slides .swiper-slide-inner .elementor-slide-button{border:2px solid #fff;color:#fff;background:transparent;display:inline-block}.elementor-slides .swiper-slide-inner .elementor-slide-button,.elementor-slides .swiper-slide-inner .elementor-slide-button:hover{background:transparent;color:inherit;text-decoration:none}.elementor--v-position-top .swiper-slide-inner{align-items:flex-start}.elementor--v-position-bottom .swiper-slide-inner{align-items:flex-end}.elementor--v-position-middle .swiper-slide-inner{align-items:center}.elementor--h-position-left .swiper-slide-inner{justify-content:flex-start}.elementor--h-position-right .swiper-slide-inner{justify-content:flex-end}.elementor--h-position-center .swiper-slide-inner{justify-content:center}body.rtl .elementor-widget-slides .elementor-swiper-button-next{left:10px;right:auto}body.rtl .elementor-widget-slides .elementor-swiper-button-prev{right:10px;left:auto}.elementor-slides-wrapper div:not(.swiper-slide)>.swiper-slide-inner{display:none}@media (max-width:767px){.elementor-slides .swiper-slide-inner{padding:30px}.elementor-slides .swiper-slide-inner .elementor-slide-heading{font-size:23px;line-height:1;margin-bottom:15px}.elementor-slides .swiper-slide-inner .elementor-slide-description{font-size:13px;line-height:1.4;margin-bottom:15px}}<\/style>\t\t<div class=\"elementor-swiper\">\n\t\t\t<div class=\"elementor-slides-wrapper elementor-main-swiper swiper\" dir=\"ltr\" data-animation=\"fadeInUp\">\n\t\t\t\t<div class=\"swiper-wrapper elementor-slides\">\n\t\t\t\t\t\t\t\t\t\t<div class=\"elementor-repeater-item-2acd1fd swiper-slide\"><div class=\"swiper-slide-bg\" role=\"img\"><\/div><div class=\"swiper-slide-inner\" ><div class=\"swiper-slide-contents\"><div class=\"elementor-slide-heading\">Nella nostra azienda alleviamo bovini da latte<\/div><div class=\"elementor-slide-description\"><p><span style=\"font-family: Aller, serif;\">Almeno due volte al giorno, si sente un gran fermento nella stalla: c\u2019\u00e8 da dar da mangiare alle mucche, strigliarle, mungerle e tenere pulito! Mettetevi accanto ad Alex mentre munge le sue mucche e assaggiate il latte ancora caldo: pi\u00f9 fresco di cos\u00ec non si pu\u00f2!<\/span><\/p>\n<\/div><\/div><\/div><\/div>\t\t\t\t<\/div>\n\t\t\t\t\t\t\t<\/div>\n\t\t<\/div>\n\t\t\t\t<\/div>\n\t\t\t\t<\/div>\n\t\t\t\t<\/div>\n\t\t\t\t\t<\/div>\n\t\t\t\t<\/div>\n\t\t<div class=\"elementor-element elementor-element-d4860fd c-wrapper p-b-l p-t-m tiere e-flex e-con-boxed e-con e-parent\" data-id=\"d4860fd\" data-element_type=\"container\" data-settings=\"{&quot;container_type&quot;:&quot;flex&quot;,&quot;content_width&quot;:&quot;boxed&quot;}\" data-core-v316-plus=\"true\">\n\t\t\t\t\t<div class=\"e-con-inner\">\n\t\t\t\t<div class=\"elementor-element elementor-element-60fa412 elementor-widget elementor-widget-menu-anchor\" data-id=\"60fa412\" data-element_type=\"widget\" data-widget_type=\"menu-anchor.default\">\n\t\t\t\t<div class=\"elementor-widget-container\">\n\t\t\t\t\t<div id=\"tiere\" class=\"elementor-menu-anchor\"><\/div>\n\t\t\t\t<\/div>\n\t\t\t\t<\/div>\n\t\t<div class=\"elementor-element elementor-element-f21fd67 e-con-full c-inner p-t-l e-flex e-con e-child\" data-id=\"f21fd67\" data-element_type=\"container\" data-settings=\"{&quot;content_width&quot;:&quot;full&quot;,&quot;container_type&quot;:&quot;flex&quot;}\">\n\t\t\t\t<div class=\"elementor-element elementor-element-b6c500d elementor-widget__width-initial p-bt-s elementor-widget elementor-widget-heading\" data-id=\"b6c500d\" data-element_type=\"widget\" data-widget_type=\"heading.default\">\n\t\t\t\t<div class=\"elementor-widget-container\">\n\t\t\t<h1 class=\"elementor-heading-title elementor-size-default\">I nostri animali<\/h1>\t\t<\/div>\n\t\t\t\t<\/div>\n\t\t\t\t<div class=\"elementor-element elementor-element-8742183 elementor-arrows-position-inside elementor-pagination-position-outside elementor-widget elementor-widget-image-carousel\" data-id=\"8742183\" data-element_type=\"widget\" data-settings=\"{&quot;slides_to_show&quot;:&quot;1&quot;,&quot;autoplay&quot;:&quot;no&quot;,&quot;navigation&quot;:&quot;both&quot;,&quot;infinite&quot;:&quot;yes&quot;,&quot;effect&quot;:&quot;slide&quot;,&quot;speed&quot;:500}\" data-widget_type=\"image-carousel.default\">\n\t\t\t\t<div class=\"elementor-widget-container\">\n\t\t\t<style>\/*! elementor - v3.19.0 - 07-02-2024 *\/\n.elementor-widget-image-carousel .swiper,.elementor-widget-image-carousel .swiper-container{position:static}.elementor-widget-image-carousel .swiper-container .swiper-slide figure,.elementor-widget-image-carousel .swiper .swiper-slide figure{line-height:inherit}.elementor-widget-image-carousel .swiper-slide{text-align:center}.elementor-image-carousel-wrapper:not(.swiper-container-initialized):not(.swiper-initialized) .swiper-slide{max-width:calc(100% \/ var(--e-image-carousel-slides-to-show, 3))}<\/style>\t\t<div class=\"elementor-image-carousel-wrapper swiper\" dir=\"ltr\">\n\t\t\t<div class=\"elementor-image-carousel swiper-wrapper\" aria-live=\"polite\">\n\t\t\t\t\t\t\t\t<div class=\"swiper-slide\" role=\"group\" aria-roledescription=\"slide\" aria-label=\"1 di 4\"><figure class=\"swiper-slide-inner\"><img decoding=\"async\" class=\"swiper-slide-image\" src=\"https:\/\/www.pfeifhof.it\/wp-content\/uploads\/2024\/02\/Katze-1024x768.jpg\" alt=\"Katze\" \/><\/figure><\/div><div class=\"swiper-slide\" role=\"group\" aria-roledescription=\"slide\" aria-label=\"2 di 4\"><figure class=\"swiper-slide-inner\"><img decoding=\"async\" class=\"swiper-slide-image\" src=\"https:\/\/www.pfeifhof.it\/wp-content\/uploads\/2024\/01\/Foto-73-1024x683.jpg\" alt=\"Foto-73\" \/><\/figure><\/div><div class=\"swiper-slide\" role=\"group\" aria-roledescription=\"slide\" aria-label=\"3 di 4\"><figure class=\"swiper-slide-inner\"><img decoding=\"async\" class=\"swiper-slide-image\" src=\"https:\/\/www.pfeifhof.it\/wp-content\/uploads\/2024\/02\/IMG-20240201-WA0013-1024x694.jpg\" alt=\"IMG-20240201-WA0013\" \/><\/figure><\/div><div class=\"swiper-slide\" role=\"group\" aria-roledescription=\"slide\" aria-label=\"4 di 4\"><figure class=\"swiper-slide-inner\"><img decoding=\"async\" class=\"swiper-slide-image\" src=\"https:\/\/www.pfeifhof.it\/wp-content\/uploads\/2024\/02\/Katze-1024x768.jpg\" alt=\"Katze\" \/><\/figure><\/div>\t\t\t<\/div>\n\t\t\t\t\t\t\t\t\t\t\t\t<div class=\"elementor-swiper-button elementor-swiper-button-prev\" role=\"button\" tabindex=\"0\">\n\t\t\t\t\t\t<svg aria-hidden=\"true\" class=\"e-font-icon-svg e-eicon-chevron-left\" viewBox=\"0 0 1000 1000\" xmlns=\"http:\/\/www.w3.org\/2000\/svg\"><path d=\"M646 125C629 125 613 133 604 142L308 442C296 454 292 471 292 487 292 504 296 521 308 533L604 854C617 867 629 875 646 875 663 875 679 871 692 858 704 846 713 829 713 812 713 796 708 779 692 767L438 487 692 225C700 217 708 204 708 187 708 171 704 154 692 142 675 129 663 125 646 125Z\"><\/path><\/svg>\t\t\t\t\t<\/div>\n\t\t\t\t\t<div class=\"elementor-swiper-button elementor-swiper-button-next\" role=\"button\" tabindex=\"0\">\n\t\t\t\t\t\t<svg aria-hidden=\"true\" class=\"e-font-icon-svg e-eicon-chevron-right\" viewBox=\"0 0 1000 1000\" xmlns=\"http:\/\/www.w3.org\/2000\/svg\"><path d=\"M696 533C708 521 713 504 713 487 713 471 708 454 696 446L400 146C388 133 375 125 354 125 338 125 325 129 313 142 300 154 292 171 292 187 292 204 296 221 308 233L563 492 304 771C292 783 288 800 288 817 288 833 296 850 308 863 321 871 338 875 354 875 371 875 388 867 400 854L696 533Z\"><\/path><\/svg>\t\t\t\t\t<\/div>\n\t\t\t\t\n\t\t\t\t\t\t\t\t\t<div class=\"swiper-pagination\"><\/div>\n\t\t\t\t\t\t\t\t\t<\/div>\n\t\t\t\t<\/div>\n\t\t\t\t<\/div>\n\t\t\t\t<div class=\"elementor-element elementor-element-2410cd8 elementor-widget__width-initial p-t-m elementor-widget elementor-widget-text-editor\" data-id=\"2410cd8\" data-element_type=\"widget\" data-widget_type=\"text-editor.default\">\n\t\t\t\t<div class=\"elementor-widget-container\">\n\t\t\t\t\t\t\t<p><span style=\"font-family: Aller, serif;\">Siamo felici di presentarvi le nostre primedonne: Elda, Gitti, Stella alpina e naturalmente tutte le altre. Ci sono anche le nostre galline con il loro allegro schiamazzare, la gatta \u201cMinna\u201d e il cane \u201cAryk\u201d, grandi giocherelloni e amanti delle coccole. <\/span><\/p>\n\t\t\t\t\t\t<\/div>\n\t\t\t\t<\/div>\n\t\t\t\t<\/div>\n\t\t\t\t\t<\/div>\n\t\t\t\t<\/div>\n\t\t<div class=\"elementor-element elementor-element-7fddd5f c-wrapper  p-b-m e-flex e-con-boxed e-con e-parent\" data-id=\"7fddd5f\" data-element_type=\"container\" data-settings=\"{&quot;background_background&quot;:&quot;classic&quot;,&quot;container_type&quot;:&quot;flex&quot;,&quot;content_width&quot;:&quot;boxed&quot;}\" data-core-v316-plus=\"true\">\n\t\t\t\t\t<div class=\"e-con-inner\">\n\t\t<div class=\"elementor-element elementor-element-985e9a2 e-con-full c-inner w-90 e-flex e-con e-child\" data-id=\"985e9a2\" data-element_type=\"container\" data-settings=\"{&quot;content_width&quot;:&quot;full&quot;,&quot;background_background&quot;:&quot;classic&quot;,&quot;container_type&quot;:&quot;flex&quot;}\" data-e-bg-lazyload=\"\">\n\t\t<div class=\"elementor-element elementor-element-8b82e06 p-t-m e-flex e-con-boxed e-con e-child\" data-id=\"8b82e06\" data-element_type=\"container\" data-settings=\"{&quot;container_type&quot;:&quot;flex&quot;,&quot;content_width&quot;:&quot;boxed&quot;}\">\n\t\t\t\t\t<div class=\"e-con-inner\">\n\t\t\t\t<div class=\"elementor-element elementor-element-ca2e305 elementor-widget__width-initial elementor-widget elementor-widget-heading\" data-id=\"ca2e305\" data-element_type=\"widget\" data-widget_type=\"heading.default\">\n\t\t\t\t<div class=\"elementor-widget-container\">\n\t\t\t<h1 class=\"elementor-heading-title elementor-size-default\">La nostra malga in quota <\/h1>\t\t<\/div>\n\t\t\t\t<\/div>\n\t\t\t\t<div class=\"elementor-element elementor-element-aeacc92 elementor-widget__width-initial elementor-widget elementor-widget-text-editor\" data-id=\"aeacc92\" data-element_type=\"widget\" data-widget_type=\"text-editor.default\">\n\t\t\t\t<div class=\"elementor-widget-container\">\n\t\t\t\t\t\t\t<p>con barbecue<\/p>\n\t\t\t\t\t\t<\/div>\n\t\t\t\t<\/div>\n\t\t\t\t\t<\/div>\n\t\t\t\t<\/div>\n\t\t\t\t<\/div>\n\t\t\t\t\t<\/div>\n\t\t\t\t<\/div>\n\t\t<div class=\"elementor-element elementor-element-5785804 c-wrapper   e-flex e-con-boxed e-con e-parent\" data-id=\"5785804\" data-element_type=\"container\" data-settings=\"{&quot;background_background&quot;:&quot;classic&quot;,&quot;container_type&quot;:&quot;flex&quot;,&quot;content_width&quot;:&quot;boxed&quot;}\" data-core-v316-plus=\"true\">\n\t\t\t\t\t<div class=\"e-con-inner\">\n\t\t<div class=\"elementor-element elementor-element-e1c2c2a e-con-full c-inner w-90 p-b-m e-flex e-con e-child\" data-id=\"e1c2c2a\" data-element_type=\"container\" data-settings=\"{&quot;content_width&quot;:&quot;full&quot;,&quot;background_background&quot;:&quot;classic&quot;,&quot;container_type&quot;:&quot;flex&quot;}\">\n\t\t\t\t<div class=\"elementor-element elementor-element-46d5b14 elementor-widget__width-initial p-b-s elementor-widget elementor-widget-text-editor\" data-id=\"46d5b14\" data-element_type=\"widget\" data-widget_type=\"text-editor.default\">\n\t\t\t\t<div class=\"elementor-widget-container\">\n\t\t\t\t\t\t\t<p><span style=\"font-family: Aller, serif;\"><br \/>\nLa nostra malga \u201cEngel-Morgenberg\u201d si trova a 1.825 metri di altitudine, circondata da prati verdi e rigogliosi. Un autentico paradiso in cui lasciarsi alle spalle la frenesia di tutti i giorni, crogiolarsi al sole ed entrare in una dimensione fiabesca in cui il tempo sembra essersi fermato.<\/span><\/p>\n<p><span style=\"font-family: Aller, serif;\">La malga \u00e8 raggiungibile dal maso con una piacevole escursione di 45-60 minuti (sentiero adatto ai passeggini).<\/span><\/p>\n\t\t\t\t\t\t<\/div>\n\t\t\t\t<\/div>\n\t\t<div class=\"elementor-element elementor-element-ef387cb e-flex e-con-boxed e-con e-child\" data-id=\"ef387cb\" data-element_type=\"container\" data-settings=\"{&quot;container_type&quot;:&quot;flex&quot;,&quot;content_width&quot;:&quot;boxed&quot;}\">\n\t\t\t\t\t<div class=\"e-con-inner\">\n\t\t\t\t<div class=\"elementor-element elementor-element-47cc189 elementor-widget__width-initial elementor-widget elementor-widget-heading\" data-id=\"47cc189\" data-element_type=\"widget\" data-widget_type=\"heading.default\">\n\t\t\t\t<div class=\"elementor-widget-container\">\n\t\t\t<h1 class=\"elementor-heading-title elementor-size-default\">Proteggiamo la natura, insieme <\/h1>\t\t<\/div>\n\t\t\t\t<\/div>\n\t\t\t\t\t<\/div>\n\t\t\t\t<\/div>\n\t\t\t\t<div class=\"elementor-element elementor-element-9bc537e elementor-widget__width-initial p-b-s elementor-widget elementor-widget-text-editor\" data-id=\"9bc537e\" data-element_type=\"widget\" data-widget_type=\"text-editor.default\">\n\t\t\t\t<div class=\"elementor-widget-container\">\n\t\t\t\t\t\t\t<p><span style=\"font-family: Aller, serif;\">Per la produzione di calore impieghiamo il legno dei nostri boschi (cippato). Gli impianti fotovoltaico e solare ci permettono di essere autosufficienti dal punto di vista energetico. Infine, diamo il nostro piccolo ma prezioso contributo alla biodiversit\u00e0 piantando i fiori pi\u00f9 appetibili per le api.<\/span><\/p>\n\t\t\t\t\t\t<\/div>\n\t\t\t\t<\/div>\n\t\t\t\t<div class=\"elementor-element elementor-element-64f191a elementor-absolute elementor-widget elementor-widget-image\" data-id=\"64f191a\" data-element_type=\"widget\" data-settings=\"{&quot;_position&quot;:&quot;absolute&quot;}\" data-widget_type=\"image.default\">\n\t\t\t\t<div class=\"elementor-widget-container\">\n\t\t\t\t\t\t\t\t\t\t\t\t\t<img loading=\"lazy\" decoding=\"async\" width=\"259\" height=\"305\" src=\"https:\/\/www.pfeifhof.it\/wp-content\/uploads\/2024\/01\/Gruppe-2500.svg\" class=\"attachment-thumbnail size-thumbnail wp-image-332\" alt=\"\" \/>\t\t\t\t\t\t\t\t\t\t\t\t\t<\/div>\n\t\t\t\t<\/div>\n\t\t\t\t<\/div>\n\t\t\t\t\t<\/div>\n\t\t\t\t<\/div>\n\t\t<div class=\"elementor-element elementor-element-f11db5e c-wrapper p-b-l e-flex e-con-boxed e-con e-parent\" data-id=\"f11db5e\" data-element_type=\"container\" data-settings=\"{&quot;container_type&quot;:&quot;flex&quot;,&quot;content_width&quot;:&quot;boxed&quot;}\" data-core-v316-plus=\"true\">\n\t\t\t\t\t<div class=\"e-con-inner\">\n\t\t<div class=\"elementor-element elementor-element-1a5b11a e-con-full c-inner w-90 p-t-s e-flex e-con e-child\" data-id=\"1a5b11a\" data-element_type=\"container\" data-settings=\"{&quot;content_width&quot;:&quot;full&quot;,&quot;container_type&quot;:&quot;flex&quot;}\">\n\t\t\t\t<div class=\"elementor-element elementor-element-a019608 elementor-widget__width-initial p-t-s p-bt-s elementor-widget elementor-widget-heading\" data-id=\"a019608\" data-element_type=\"widget\" data-widget_type=\"heading.default\">\n\t\t\t\t<div class=\"elementor-widget-container\">\n\t\t\t<h1 class=\"elementor-heading-title elementor-size-default\">Socializzazione<\/h1>\t\t<\/div>\n\t\t\t\t<\/div>\n\t\t\t\t<div class=\"elementor-element elementor-element-f23b3a6 elementor-testimonial--layout-image_above cusotm-slider wohnungen m-b-m geselligkeit elementor-testimonial--skin-default elementor-testimonial--align-center elementor-arrows-yes elementor-widget elementor-widget-testimonial-carousel\" data-id=\"f23b3a6\" data-element_type=\"widget\" data-settings=\"{&quot;slides_per_view&quot;:&quot;2&quot;,&quot;slides_to_scroll&quot;:&quot;1&quot;,&quot;space_between&quot;:{&quot;unit&quot;:&quot;px&quot;,&quot;size&quot;:25,&quot;sizes&quot;:[]},&quot;show_arrows&quot;:&quot;yes&quot;,&quot;speed&quot;:500,&quot;loop&quot;:&quot;yes&quot;,&quot;space_between_tablet&quot;:{&quot;unit&quot;:&quot;px&quot;,&quot;size&quot;:10,&quot;sizes&quot;:[]},&quot;space_between_mobile&quot;:{&quot;unit&quot;:&quot;px&quot;,&quot;size&quot;:10,&quot;sizes&quot;:[]}}\" data-widget_type=\"testimonial-carousel.default\">\n\t\t\t\t<div class=\"elementor-widget-container\">\n\t\t\t<link rel=\"stylesheet\" href=\"https:\/\/www.pfeifhof.it\/wp-content\/plugins\/elementor-pro\/assets\/css\/widget-carousel.min.css\">\t\t<div class=\"elementor-swiper\">\n\t\t\t<div class=\"elementor-main-swiper swiper\">\n\t\t\t\t<div class=\"swiper-wrapper\">\n\t\t\t\t\t\t\t\t\t\t\t<div class=\"swiper-slide\">\n\t\t\t\t\t\t\t\t\t<div class=\"elementor-testimonial\">\n\t\t\t\t\t\t\t<div class=\"elementor-testimonial__content\">\n\t\t\t\t\t<div class=\"elementor-testimonial__text\">\n\t\t\t\t\t\t<p><span style=\"font-family: Aller, serif;\">Abbiamo in serbo tante fantastiche attivit\u00e0 per intrattenere i nostri piccoli ospiti: potranno fare un giro sul trattore, armeggiare nella sabbiera tra ruspe e scavi, cimentarsi nell\u2019arrampicata, dare da mangiare agli animali o \u201csaltare sul fieno\u201d in estate. Il divertimento \u00e8 assicurato!<\/span><\/p>\n\t\t\t\t\t<\/div>\n\t\t\t\t\t<cite class=\"elementor-testimonial__cite\"><span class=\"elementor-testimonial__name\">Vacanze in agriturismo <\/span><span class=\"elementor-testimonial__title\">a misura di bambino<\/span><\/cite>\t\t\t\t<\/div>\n\t\t\t\t\t\t<div class=\"elementor-testimonial__footer\">\n\t\t\t\t\t\t\t\t\t<div class=\"elementor-testimonial__image\">\n\t\t\t\t\t\t<img decoding=\"async\" src=\"https:\/\/www.pfeifhof.it\/wp-content\/uploads\/2024\/01\/Foto-19-scaled.jpg\" alt=\"Vacanze in agriturismo \">\n\t\t\t\t\t\t\t\t\t\t\t<\/div>\n\t\t\t\t\t\t\t\t\t\t\t<\/div>\n\t\t<\/div>\n\t\t\t\t\t\t\t\t<\/div>\n\t\t\t\t\t\t\t\t\t\t\t<div class=\"swiper-slide\">\n\t\t\t\t\t\t\t\t\t<div class=\"elementor-testimonial\">\n\t\t\t\t\t\t\t<div class=\"elementor-testimonial__content\">\n\t\t\t\t\t<div class=\"elementor-testimonial__text\">\n\t\t\t\t\t\t<p><span style=\"font-family: Aller, serif;\">Lasciatevi avvolgere dal calore del sole sulla terrazza panoramica, sul balcone, sulla panchina che d\u00e0 sul giardino oppure comodamente seduti su una sedia a sdraio nel prato. Qui al Pfeifhof troverete la vostra isola felice. Sar\u00e0 il vostro angolino preferito da cui godere dell\u2019ampia vista sulla Valle di Sesto o ammirare la famosa \u201cenrosadira\u201d, quando i primi raggi di sole del mattino si posano sulle cime pi\u00f9 alte.<\/span><\/p>\n\t\t\t\t\t<\/div>\n\t\t\t\t\t<cite class=\"elementor-testimonial__cite\"><span class=\"elementor-testimonial__name\">Il vostro luogo di cuore<\/span><\/cite>\t\t\t\t<\/div>\n\t\t\t\t\t\t<div class=\"elementor-testimonial__footer\">\n\t\t\t\t\t\t\t\t\t<div class=\"elementor-testimonial__image\">\n\t\t\t\t\t\t<img decoding=\"async\" src=\"https:\/\/www.pfeifhof.it\/wp-content\/uploads\/2024\/01\/Foto-89-scaled.jpg\" alt=\"Il vostro luogo di cuore\">\n\t\t\t\t\t\t\t\t\t\t\t<\/div>\n\t\t\t\t\t\t\t\t\t\t\t<\/div>\n\t\t<\/div>\n\t\t\t\t\t\t\t\t<\/div>\n\t\t\t\t\t\t\t\t\t\t\t<div class=\"swiper-slide\">\n\t\t\t\t\t\t\t\t\t<div class=\"elementor-testimonial\">\n\t\t\t\t\t\t\t<div class=\"elementor-testimonial__content\">\n\t\t\t\t\t<div class=\"elementor-testimonial__text\">\n\t\t\t\t\t\t<p><span style=\"font-family: Aller, serif;\">Lasciatevi avvolgere dall\u2019atmosfera calda e accogliente della nostra \u201cJ\u00e4gerst\u00fcbele\u201d: un posticino delizioso in cui sorseggiare un buon vino, ascoltare gli avvincenti racconti di Alex e concludere la giornata accanto al fuoco del camino.<\/span><\/p>\n\t\t\t\t\t<\/div>\n\t\t\t\t\t<cite class=\"elementor-testimonial__cite\"><span class=\"elementor-testimonial__name\">In buona compagnia<\/span><\/cite>\t\t\t\t<\/div>\n\t\t\t\t\t\t<div class=\"elementor-testimonial__footer\">\n\t\t\t\t\t\t\t\t\t<div class=\"elementor-testimonial__image\">\n\t\t\t\t\t\t<img decoding=\"async\" src=\"https:\/\/www.pfeifhof.it\/wp-content\/uploads\/2024\/02\/idm07622anmi.jpg\" alt=\"In buona compagnia\">\n\t\t\t\t\t\t\t\t\t\t\t<\/div>\n\t\t\t\t\t\t\t\t\t\t\t<\/div>\n\t\t<\/div>\n\t\t\t\t\t\t\t\t<\/div>\n\t\t\t\t\t\t\t\t\t\t\t<div class=\"swiper-slide\">\n\t\t\t\t\t\t\t\t\t<div class=\"elementor-testimonial\">\n\t\t\t\t\t\t\t<div class=\"elementor-testimonial__content\">\n\t\t\t\t\t<div class=\"elementor-testimonial__text\">\n\t\t\t\t\t\t<p><span style=\"font-family: Aller, serif;\">Osservate (o sperimentate) il movimento ritmico di falce e rastrello. Nell\u2019atto di spagliare il fieno appena falciato, sotto un sole spesso cocente, con movenze che si ripetono con regolarit\u00e0, si cela un\u2019esperienza quasi mistica, in grado di risvegliare un legame viscerale con la natura. E con gli ultimi raggi di sole che si posano sul viso, la ricca merenda del contadino \u00e8 ancora pi\u00f9 gustosa!<\/span><\/p>\n\t\t\t\t\t<\/div>\n\t\t\t\t\t<cite class=\"elementor-testimonial__cite\"><span class=\"elementor-testimonial__name\">L\u2019esperienza della fienagione<\/span><\/cite>\t\t\t\t<\/div>\n\t\t\t\t\t\t<div class=\"elementor-testimonial__footer\">\n\t\t\t\t\t\t\t\t\t<div class=\"elementor-testimonial__image\">\n\t\t\t\t\t\t<img decoding=\"async\" src=\"https:\/\/www.pfeifhof.it\/wp-content\/uploads\/2024\/02\/Erlebnis-Heumahd_privat2.jpg\" alt=\"L\u2019esperienza della fienagione\">\n\t\t\t\t\t\t\t\t\t\t\t<\/div>\n\t\t\t\t\t\t\t\t\t\t\t<\/div>\n\t\t<\/div>\n\t\t\t\t\t\t\t\t<\/div>\n\t\t\t\t\t\t\t\t\t<\/div>\n\t\t\t\t\t\t\t\t\t\t\t\t\t\t\t\t\t\t\t\t<div class=\"elementor-swiper-button elementor-swiper-button-prev\" role=\"button\" tabindex=\"0\">\n\t\t\t\t\t\t\t<svg aria-hidden=\"true\" class=\"e-font-icon-svg e-eicon-chevron-left\" viewBox=\"0 0 1000 1000\" xmlns=\"http:\/\/www.w3.org\/2000\/svg\"><path d=\"M646 125C629 125 613 133 604 142L308 442C296 454 292 471 292 487 292 504 296 521 308 533L604 854C617 867 629 875 646 875 663 875 679 871 692 858 704 846 713 829 713 812 713 796 708 779 692 767L438 487 692 225C700 217 708 204 708 187 708 171 704 154 692 142 675 129 663 125 646 125Z\"><\/path><\/svg>\t\t\t\t\t\t\t<span class=\"elementor-screen-only\">Precedente<\/span>\n\t\t\t\t\t\t<\/div>\n\t\t\t\t\t\t<div class=\"elementor-swiper-button elementor-swiper-button-next\" role=\"button\" tabindex=\"0\">\n\t\t\t\t\t\t\t<svg aria-hidden=\"true\" class=\"e-font-icon-svg e-eicon-chevron-right\" viewBox=\"0 0 1000 1000\" xmlns=\"http:\/\/www.w3.org\/2000\/svg\"><path d=\"M696 533C708 521 713 504 713 487 713 471 708 454 696 446L400 146C388 133 375 125 354 125 338 125 325 129 313 142 300 154 292 171 292 187 292 204 296 221 308 233L563 492 304 771C292 783 288 800 288 817 288 833 296 850 308 863 321 871 338 875 354 875 371 875 388 867 400 854L696 533Z\"><\/path><\/svg>\t\t\t\t\t\t\t<span class=\"elementor-screen-only\">Successivo<\/span>\n\t\t\t\t\t\t<\/div>\n\t\t\t\t\t\t\t\t\t\t\t\t<\/div>\n\t\t<\/div>\n\t\t\t\t<\/div>\n\t\t\t\t<\/div>\n\t\t\t\t<\/div>\n\t\t\t\t\t<\/div>\n\t\t\t\t<\/div>\n\t\t\t\t<\/div>\n\t\t","protected":false},"excerpt":{"rendered":"<p>Vacanze in agriturismo Rilassarsi ed entrare in sintonia con la natura Vi portiamo con noi nella vita di un tipico maso di montagna. Prima di tutto ci sono i campi e i prati, spesso scoscesi, che vanno falciati due volte l\u2019anno. Un rituale che richiede tempo, dedizione e fatica. E poi ci sono le nostre [&hellip;]<\/p>\n","protected":false},"author":1,"featured_media":0,"parent":0,"menu_order":0,"comment_status":"closed","ping_status":"closed","template":"","meta":{"footnotes":""},"class_list":["post-2395","page","type-page","status-publish","hentry"],"yoast_head":"<!-- This site is optimized with the Yoast SEO plugin v22.0 - https:\/\/yoast.com\/wordpress\/plugins\/seo\/ -->\n<title>Vacanze in agriturismo a Sesto - Monte di Mezzo<\/title>\n<meta name=\"description\" content=\"Benvenuti nel maso Pfeifhof di Sesto, la vostra isola felice lontano dal trambusto. Gustate la colazione con i prodotti del maso e godetevi il panorama spettacolare sulle Dolomiti e la Meridiana di Sesto.\" \/>\n<meta name=\"robots\" content=\"index, follow, max-snippet:-1, max-image-preview:large, max-video-preview:-1\" \/>\n<link rel=\"canonical\" href=\"https:\/\/www.pfeifhof.it\/it\/unser-hof\/\" \/>\n<meta property=\"og:locale\" content=\"it_IT\" \/>\n<meta property=\"og:type\" content=\"article\" \/>\n<meta property=\"og:title\" content=\"Vacanze in agriturismo a Sesto - Monte di Mezzo\" \/>\n<meta property=\"og:description\" content=\"Benvenuti nel maso Pfeifhof di Sesto, la vostra isola felice lontano dal trambusto. Gustate la colazione con i prodotti del maso e godetevi il panorama spettacolare sulle Dolomiti e la Meridiana di Sesto.\" \/>\n<meta property=\"og:url\" content=\"https:\/\/www.pfeifhof.it\/it\/unser-hof\/\" \/>\n<meta property=\"og:site_name\" content=\"Pfeifhof\" \/>\n<meta property=\"article:modified_time\" content=\"2025-05-08T12:52:41+00:00\" \/>\n<meta property=\"og:image\" content=\"https:\/\/www.pfeifhof.it\/wp-content\/uploads\/2024\/01\/neu.svg\" \/>\n<meta name=\"twitter:card\" content=\"summary_large_image\" \/>\n<meta name=\"twitter:label1\" content=\"Tempo di lettura stimato\" \/>\n\t<meta name=\"twitter:data1\" content=\"9 minuti\" \/>\n<script type=\"application\/ld+json\" class=\"yoast-schema-graph\">{\"@context\":\"https:\/\/schema.org\",\"@graph\":[{\"@type\":\"WebPage\",\"@id\":\"https:\/\/www.pfeifhof.it\/it\/unser-hof\/\",\"url\":\"https:\/\/www.pfeifhof.it\/it\/unser-hof\/\",\"name\":\"Vacanze in agriturismo a Sesto - Monte di Mezzo\",\"isPartOf\":{\"@id\":\"https:\/\/www.pfeifhof.it\/it\/#website\"},\"datePublished\":\"2024-01-25T13:30:22+00:00\",\"dateModified\":\"2025-05-08T12:52:41+00:00\",\"description\":\"Benvenuti nel maso Pfeifhof di Sesto, la vostra isola felice lontano dal trambusto. Gustate la colazione con i prodotti del maso e godetevi il panorama spettacolare sulle Dolomiti e la Meridiana di Sesto.\",\"breadcrumb\":{\"@id\":\"https:\/\/www.pfeifhof.it\/it\/unser-hof\/#breadcrumb\"},\"inLanguage\":\"it-IT\",\"potentialAction\":[{\"@type\":\"ReadAction\",\"target\":[\"https:\/\/www.pfeifhof.it\/it\/unser-hof\/\"]}]},{\"@type\":\"BreadcrumbList\",\"@id\":\"https:\/\/www.pfeifhof.it\/it\/unser-hof\/#breadcrumb\",\"itemListElement\":[{\"@type\":\"ListItem\",\"position\":1,\"name\":\"Startseite\",\"item\":\"https:\/\/www.pfeifhof.it\/it\/\"},{\"@type\":\"ListItem\",\"position\":2,\"name\":\"Il nostro maso\"}]},{\"@type\":\"WebSite\",\"@id\":\"https:\/\/www.pfeifhof.it\/it\/#website\",\"url\":\"https:\/\/www.pfeifhof.it\/it\/\",\"name\":\"Pfeifhof\",\"description\":\"\",\"publisher\":{\"@id\":\"https:\/\/www.pfeifhof.it\/it\/#organization\"},\"potentialAction\":[{\"@type\":\"SearchAction\",\"target\":{\"@type\":\"EntryPoint\",\"urlTemplate\":\"https:\/\/www.pfeifhof.it\/it\/?s={search_term_string}\"},\"query-input\":\"required name=search_term_string\"}],\"inLanguage\":\"it-IT\"},{\"@type\":\"Organization\",\"@id\":\"https:\/\/www.pfeifhof.it\/it\/#organization\",\"name\":\"Pfeifhof\",\"url\":\"https:\/\/www.pfeifhof.it\/it\/\",\"logo\":{\"@type\":\"ImageObject\",\"inLanguage\":\"it-IT\",\"@id\":\"https:\/\/www.pfeifhof.it\/it\/#\/schema\/logo\/image\/\",\"url\":\"https:\/\/www.pfeifhof.it\/wp-content\/uploads\/2024\/01\/logo-pfeifhof-1.svg\",\"contentUrl\":\"https:\/\/www.pfeifhof.it\/wp-content\/uploads\/2024\/01\/logo-pfeifhof-1.svg\",\"width\":416,\"height\":95,\"caption\":\"Pfeifhof\"},\"image\":{\"@id\":\"https:\/\/www.pfeifhof.it\/it\/#\/schema\/logo\/image\/\"}}]}<\/script>\n<!-- \/ Yoast SEO plugin. -->","yoast_head_json":{"title":"Vacanze in agriturismo a Sesto - Monte di Mezzo","description":"Benvenuti nel maso Pfeifhof di Sesto, la vostra isola felice lontano dal trambusto. Gustate la colazione con i prodotti del maso e godetevi il panorama spettacolare sulle Dolomiti e la Meridiana di Sesto.","robots":{"index":"index","follow":"follow","max-snippet":"max-snippet:-1","max-image-preview":"max-image-preview:large","max-video-preview":"max-video-preview:-1"},"canonical":"https:\/\/www.pfeifhof.it\/it\/unser-hof\/","og_locale":"it_IT","og_type":"article","og_title":"Vacanze in agriturismo a Sesto - Monte di Mezzo","og_description":"Benvenuti nel maso Pfeifhof di Sesto, la vostra isola felice lontano dal trambusto. Gustate la colazione con i prodotti del maso e godetevi il panorama spettacolare sulle Dolomiti e la Meridiana di Sesto.","og_url":"https:\/\/www.pfeifhof.it\/it\/unser-hof\/","og_site_name":"Pfeifhof","article_modified_time":"2025-05-08T12:52:41+00:00","og_image":[{"url":"https:\/\/www.pfeifhof.it\/wp-content\/uploads\/2024\/01\/neu.svg"}],"twitter_card":"summary_large_image","twitter_misc":{"Tempo di lettura stimato":"9 minuti"},"schema":{"@context":"https:\/\/schema.org","@graph":[{"@type":"WebPage","@id":"https:\/\/www.pfeifhof.it\/it\/unser-hof\/","url":"https:\/\/www.pfeifhof.it\/it\/unser-hof\/","name":"Vacanze in agriturismo a Sesto - Monte di Mezzo","isPartOf":{"@id":"https:\/\/www.pfeifhof.it\/it\/#website"},"datePublished":"2024-01-25T13:30:22+00:00","dateModified":"2025-05-08T12:52:41+00:00","description":"Benvenuti nel maso Pfeifhof di Sesto, la vostra isola felice lontano dal trambusto. Gustate la colazione con i prodotti del maso e godetevi il panorama spettacolare sulle Dolomiti e la Meridiana di Sesto.","breadcrumb":{"@id":"https:\/\/www.pfeifhof.it\/it\/unser-hof\/#breadcrumb"},"inLanguage":"it-IT","potentialAction":[{"@type":"ReadAction","target":["https:\/\/www.pfeifhof.it\/it\/unser-hof\/"]}]},{"@type":"BreadcrumbList","@id":"https:\/\/www.pfeifhof.it\/it\/unser-hof\/#breadcrumb","itemListElement":[{"@type":"ListItem","position":1,"name":"Startseite","item":"https:\/\/www.pfeifhof.it\/it\/"},{"@type":"ListItem","position":2,"name":"Il nostro maso"}]},{"@type":"WebSite","@id":"https:\/\/www.pfeifhof.it\/it\/#website","url":"https:\/\/www.pfeifhof.it\/it\/","name":"Pfeifhof","description":"","publisher":{"@id":"https:\/\/www.pfeifhof.it\/it\/#organization"},"potentialAction":[{"@type":"SearchAction","target":{"@type":"EntryPoint","urlTemplate":"https:\/\/www.pfeifhof.it\/it\/?s={search_term_string}"},"query-input":"required name=search_term_string"}],"inLanguage":"it-IT"},{"@type":"Organization","@id":"https:\/\/www.pfeifhof.it\/it\/#organization","name":"Pfeifhof","url":"https:\/\/www.pfeifhof.it\/it\/","logo":{"@type":"ImageObject","inLanguage":"it-IT","@id":"https:\/\/www.pfeifhof.it\/it\/#\/schema\/logo\/image\/","url":"https:\/\/www.pfeifhof.it\/wp-content\/uploads\/2024\/01\/logo-pfeifhof-1.svg","contentUrl":"https:\/\/www.pfeifhof.it\/wp-content\/uploads\/2024\/01\/logo-pfeifhof-1.svg","width":416,"height":95,"caption":"Pfeifhof"},"image":{"@id":"https:\/\/www.pfeifhof.it\/it\/#\/schema\/logo\/image\/"}}]}},"_links":{"self":[{"href":"https:\/\/www.pfeifhof.it\/it\/wp-json\/wp\/v2\/pages\/2395","targetHints":{"allow":["GET"]}}],"collection":[{"href":"https:\/\/www.pfeifhof.it\/it\/wp-json\/wp\/v2\/pages"}],"about":[{"href":"https:\/\/www.pfeifhof.it\/it\/wp-json\/wp\/v2\/types\/page"}],"author":[{"embeddable":true,"href":"https:\/\/www.pfeifhof.it\/it\/wp-json\/wp\/v2\/users\/1"}],"replies":[{"embeddable":true,"href":"https:\/\/www.pfeifhof.it\/it\/wp-json\/wp\/v2\/comments?post=2395"}],"version-history":[{"count":27,"href":"https:\/\/www.pfeifhof.it\/it\/wp-json\/wp\/v2\/pages\/2395\/revisions"}],"predecessor-version":[{"id":3337,"href":"https:\/\/www.pfeifhof.it\/it\/wp-json\/wp\/v2\/pages\/2395\/revisions\/3337"}],"wp:attachment":[{"href":"https:\/\/www.pfeifhof.it\/it\/wp-json\/wp\/v2\/media?parent=2395"}],"curies":[{"name":"wp","href":"https:\/\/api.w.org\/{rel}","templated":true}]}}